{"id":991254,"date":"2026-04-22T12:16:05","date_gmt":"2026-04-22T10:16:05","guid":{"rendered":"https:\/\/parentheseflorale.fr\/?post_type=product&#038;p=991254"},"modified":"2026-04-22T14:37:21","modified_gmt":"2026-04-22T12:37:21","slug":"bouquet-fraise-des-bois","status":"publish","type":"product","link":"https:\/\/parentheseflorale.fr\/?product=bouquet-fraise-des-bois","title":{"rendered":"Bouquet &#8221; Fraise des Bois \ud83c\udf53&#8221;"},"content":{"rendered":"<div class=\"vgblk-rw-wrapper limit-wrapper\">\n<blockquote class=\"ml-2 border-l-4 border-border-300\/10 pl-4 text-text-300\">\n<p class=\"font-claude-response-body break-words whitespace-normal leading-[1.7]\"><code class=\"bg-text-200\/5 border border-0.5 border-border-300 text-danger-000 whitespace-pre-wrap rounded-[0.4rem] px-1 py-px text-[0.9rem]\">Bouquet Fraise des Bois<\/code>Bordeaux profond, rose poudr\u00e9, blanc cr\u00e8me\u2026 Un bouquet sauvage et chaleureux, comme une poign\u00e9e de fraises des bois cueillie au d\u00e9tour d&#8217;un chemin<\/p>\n<\/blockquote>\n<ul>\n<li class=\"whitespace-normal break-words pl-2\">Palette : bordeaux, rose poudr\u00e9, blanc cr\u00e8me<\/li>\n<li class=\"whitespace-normal break-words pl-2\">Format : M (45\u20ac) | L (55\u20ac) | XL (75\u20ac) | XXL (90\u20ac)<\/li>\n<li class=\"whitespace-normal break-words pl-2\">Compos\u00e9 de fleurs fra\u00eeches de saison, selon la s\u00e9lection de la semaine<\/li>\n<li class=\"whitespace-normal break-words pl-2\">Pour toute commande sp\u00e9ciale, appelez-nous directement en boutique<\/li>\n<li class=\"whitespace-normal break-words pl-2\">Retrait au 69 rue de Marseille, Lyon 7e \u2014 livraison \u00e0 v\u00e9lo Lyon\/Villeurbanne<\/li>\n<li class=\"whitespace-normal break-words pl-2\">Photo pr\u00e9sent\u00e9e en taille XL<\/li>\n<\/ul>\n<\/div>\n<p><!-- .vgblk-rw-wrapper --><\/p>\n","protected":false},"excerpt":{"rendered":"<p class=\"font-claude-response-body break-words whitespace-normal leading-[1.7]\">Bouquet bordeaux, rose poudr\u00e9 et blanc cr\u00e8me. Romantique et chaleureux. Fleurs de saison selon arrivages. Format M, L, XL ou XXL. Fleuriste Lyon 7.<\/p>\n","protected":false},"featured_media":991260,"comment_status":"closed","ping_status":"closed","template":"","meta":{"om_disable_all_campaigns":false,"_monsterinsights_skip_tracking":false,"_monsterinsights_sitenote_active":false,"_monsterinsights_sitenote_note":"","_monsterinsights_sitenote_category":0},"product_brand":[],"product_cat":[113],"product_tag":[],"class_list":{"0":"post-991254","1":"product","2":"type-product","3":"status-publish","4":"has-post-thumbnail","6":"product_cat-fleurs-fraiches","8":"first","9":"instock","10":"taxable","11":"shipping-taxable","12":"purchasable","13":"product-type-variable"},"yoast_head":"<!-- This site is optimized with the Yoast SEO plugin v27.5 - https:\/\/yoast.com\/product\/yoast-seo-wordpress\/ -->\n<title>Bouquet Fraise des Bois | Parenth\u00e8se florale Lyon<\/title>\n<meta name=\"description\" content=\"Bouquet de fleurs bordeaux, rose poudr\u00e9 et blanc cr\u00e8me. Intense, romantique et chaleureux. Fleurs fra\u00eeches de saison selon arrivages. Format M, L, XL ou XXL. Fleuriste Lyon 7.\" \/>\n<meta name=\"robots\" content=\"index, follow, max-snippet:-1, max-image-preview:large, max-video-preview:-1\" \/>\n<link rel=\"canonical\" href=\"https:\/\/parentheseflorale.fr\/?product=bouquet-fraise-des-bois\" \/>\n<meta property=\"og:locale\" content=\"fr_FR\" \/>\n<meta property=\"og:type\" content=\"article\" \/>\n<meta property=\"og:title\" content=\"Bouquet Fraise des Bois | Parenth\u00e8se florale Lyon\" \/>\n<meta property=\"og:description\" content=\"Bouquet de fleurs bordeaux, rose poudr\u00e9 et blanc cr\u00e8me. Intense, romantique et chaleureux. Fleurs fra\u00eeches de saison selon arrivages. Format M, L, XL ou XXL. Fleuriste Lyon 7.\" \/>\n<meta property=\"og:url\" content=\"https:\/\/parentheseflorale.fr\/?product=bouquet-fraise-des-bois\" \/>\n<meta property=\"og:site_name\" content=\"Parenth\u00e8se florale\" \/>\n<meta property=\"article:modified_time\" content=\"2026-04-22T12:37:21+00:00\" \/>\n<meta property=\"og:image\" content=\"https:\/\/parentheseflorale.fr\/wp-content\/uploads\/2026\/04\/DSC00804.jpg\" \/>\n\t<meta property=\"og:image:width\" content=\"2048\" \/>\n\t<meta property=\"og:image:height\" content=\"2048\" \/>\n\t<meta property=\"og:image:type\" content=\"image\/jpeg\" \/>\n<meta name=\"twitter:card\" content=\"summary_large_image\" \/>\n<meta name=\"twitter:label1\" content=\"Dur\u00e9e de lecture estim\u00e9e\" \/>\n\t<meta name=\"twitter:data1\" content=\"1 minute\" \/>\n<script type=\"application\/ld+json\" class=\"yoast-schema-graph\">{\"@context\":\"https:\\\/\\\/schema.org\",\"@graph\":[{\"@type\":\"WebPage\",\"@id\":\"https:\\\/\\\/parentheseflorale.fr\\\/?product=bouquet-fraise-des-bois\",\"url\":\"https:\\\/\\\/parentheseflorale.fr\\\/?product=bouquet-fraise-des-bois\",\"name\":\"Bouquet Fraise des Bois | Parenth\u00e8se florale Lyon\",\"isPartOf\":{\"@id\":\"https:\\\/\\\/parentheseflorale.fr\\\/#website\"},\"primaryImageOfPage\":{\"@id\":\"https:\\\/\\\/parentheseflorale.fr\\\/?product=bouquet-fraise-des-bois#primaryimage\"},\"image\":{\"@id\":\"https:\\\/\\\/parentheseflorale.fr\\\/?product=bouquet-fraise-des-bois#primaryimage\"},\"thumbnailUrl\":\"https:\\\/\\\/parentheseflorale.fr\\\/wp-content\\\/uploads\\\/2026\\\/04\\\/DSC00804.jpg\",\"datePublished\":\"2026-04-22T10:16:05+00:00\",\"dateModified\":\"2026-04-22T12:37:21+00:00\",\"description\":\"Bouquet de fleurs bordeaux, rose poudr\u00e9 et blanc cr\u00e8me. Intense, romantique et chaleureux. Fleurs fra\u00eeches de saison selon arrivages. Format M, L, XL ou XXL. Fleuriste Lyon 7.\",\"breadcrumb\":{\"@id\":\"https:\\\/\\\/parentheseflorale.fr\\\/?product=bouquet-fraise-des-bois#breadcrumb\"},\"inLanguage\":\"fr-FR\",\"potentialAction\":[{\"@type\":\"ReadAction\",\"target\":[\"https:\\\/\\\/parentheseflorale.fr\\\/?product=bouquet-fraise-des-bois\"]}]},{\"@type\":\"ImageObject\",\"inLanguage\":\"fr-FR\",\"@id\":\"https:\\\/\\\/parentheseflorale.fr\\\/?product=bouquet-fraise-des-bois#primaryimage\",\"url\":\"https:\\\/\\\/parentheseflorale.fr\\\/wp-content\\\/uploads\\\/2026\\\/04\\\/DSC00804.jpg\",\"contentUrl\":\"https:\\\/\\\/parentheseflorale.fr\\\/wp-content\\\/uploads\\\/2026\\\/04\\\/DSC00804.jpg\",\"width\":2048,\"height\":2048,\"caption\":\"Bouquet de fleurs pastel rose poudr\u00e9 et cr\u00e8me \u2013 Parenth\u00e8se Florale Lyon\"},{\"@type\":\"BreadcrumbList\",\"@id\":\"https:\\\/\\\/parentheseflorale.fr\\\/?product=bouquet-fraise-des-bois#breadcrumb\",\"itemListElement\":[{\"@type\":\"ListItem\",\"position\":1,\"name\":\"Accueil\",\"item\":\"https:\\\/\\\/parentheseflorale.fr\\\/\"},{\"@type\":\"ListItem\",\"position\":2,\"name\":\"Produits\",\"item\":\"https:\\\/\\\/parentheseflorale.fr\\\/?post_type=product\"},{\"@type\":\"ListItem\",\"position\":3,\"name\":\"Bouquet &#8221; Fraise des Bois \ud83c\udf53&#8221;\"}]},{\"@type\":\"WebSite\",\"@id\":\"https:\\\/\\\/parentheseflorale.fr\\\/#website\",\"url\":\"https:\\\/\\\/parentheseflorale.fr\\\/\",\"name\":\"Parenth\u00e8se florale\",\"description\":\"&quot;offrez vous un moment entre parenth\u00e8ses&quot;\",\"publisher\":{\"@id\":\"https:\\\/\\\/parentheseflorale.fr\\\/#organization\"},\"potentialAction\":[{\"@type\":\"SearchAction\",\"target\":{\"@type\":\"EntryPoint\",\"urlTemplate\":\"https:\\\/\\\/parentheseflorale.fr\\\/?s={search_term_string}\"},\"query-input\":{\"@type\":\"PropertyValueSpecification\",\"valueRequired\":true,\"valueName\":\"search_term_string\"}}],\"inLanguage\":\"fr-FR\"},{\"@type\":\"Organization\",\"@id\":\"https:\\\/\\\/parentheseflorale.fr\\\/#organization\",\"name\":\"Parenth\u00e8se florale\",\"url\":\"https:\\\/\\\/parentheseflorale.fr\\\/\",\"logo\":{\"@type\":\"ImageObject\",\"inLanguage\":\"fr-FR\",\"@id\":\"https:\\\/\\\/parentheseflorale.fr\\\/#\\\/schema\\\/logo\\\/image\\\/\",\"url\":\"https:\\\/\\\/parentheseflorale.fr\\\/wp-content\\\/uploads\\\/2021\\\/02\\\/PF-OK-transparent-01.png\",\"contentUrl\":\"https:\\\/\\\/parentheseflorale.fr\\\/wp-content\\\/uploads\\\/2021\\\/02\\\/PF-OK-transparent-01.png\",\"width\":1248,\"height\":1247,\"caption\":\"Parenth\u00e8se florale\"},\"image\":{\"@id\":\"https:\\\/\\\/parentheseflorale.fr\\\/#\\\/schema\\\/logo\\\/image\\\/\"}}]}<\/script>\n<!-- \/ Yoast SEO plugin. -->","yoast_head_json":{"title":"Bouquet Fraise des Bois | Parenth\u00e8se florale Lyon","description":"Bouquet de fleurs bordeaux, rose poudr\u00e9 et blanc cr\u00e8me. Intense, romantique et chaleureux. Fleurs fra\u00eeches de saison selon arrivages. Format M, L, XL ou XXL. Fleuriste Lyon 7.","robots":{"index":"index","follow":"follow","max-snippet":"max-snippet:-1","max-image-preview":"max-image-preview:large","max-video-preview":"max-video-preview:-1"},"canonical":"https:\/\/parentheseflorale.fr\/?product=bouquet-fraise-des-bois","og_locale":"fr_FR","og_type":"article","og_title":"Bouquet Fraise des Bois | Parenth\u00e8se florale Lyon","og_description":"Bouquet de fleurs bordeaux, rose poudr\u00e9 et blanc cr\u00e8me. Intense, romantique et chaleureux. Fleurs fra\u00eeches de saison selon arrivages. Format M, L, XL ou XXL. Fleuriste Lyon 7.","og_url":"https:\/\/parentheseflorale.fr\/?product=bouquet-fraise-des-bois","og_site_name":"Parenth\u00e8se florale","article_modified_time":"2026-04-22T12:37:21+00:00","og_image":[{"width":2048,"height":2048,"url":"https:\/\/parentheseflorale.fr\/wp-content\/uploads\/2026\/04\/DSC00804.jpg","type":"image\/jpeg"}],"twitter_card":"summary_large_image","twitter_misc":{"Dur\u00e9e de lecture estim\u00e9e":"1 minute"},"schema":{"@context":"https:\/\/schema.org","@graph":[{"@type":"WebPage","@id":"https:\/\/parentheseflorale.fr\/?product=bouquet-fraise-des-bois","url":"https:\/\/parentheseflorale.fr\/?product=bouquet-fraise-des-bois","name":"Bouquet Fraise des Bois | Parenth\u00e8se florale Lyon","isPartOf":{"@id":"https:\/\/parentheseflorale.fr\/#website"},"primaryImageOfPage":{"@id":"https:\/\/parentheseflorale.fr\/?product=bouquet-fraise-des-bois#primaryimage"},"image":{"@id":"https:\/\/parentheseflorale.fr\/?product=bouquet-fraise-des-bois#primaryimage"},"thumbnailUrl":"https:\/\/parentheseflorale.fr\/wp-content\/uploads\/2026\/04\/DSC00804.jpg","datePublished":"2026-04-22T10:16:05+00:00","dateModified":"2026-04-22T12:37:21+00:00","description":"Bouquet de fleurs bordeaux, rose poudr\u00e9 et blanc cr\u00e8me. Intense, romantique et chaleureux. Fleurs fra\u00eeches de saison selon arrivages. Format M, L, XL ou XXL. Fleuriste Lyon 7.","breadcrumb":{"@id":"https:\/\/parentheseflorale.fr\/?product=bouquet-fraise-des-bois#breadcrumb"},"inLanguage":"fr-FR","potentialAction":[{"@type":"ReadAction","target":["https:\/\/parentheseflorale.fr\/?product=bouquet-fraise-des-bois"]}]},{"@type":"ImageObject","inLanguage":"fr-FR","@id":"https:\/\/parentheseflorale.fr\/?product=bouquet-fraise-des-bois#primaryimage","url":"https:\/\/parentheseflorale.fr\/wp-content\/uploads\/2026\/04\/DSC00804.jpg","contentUrl":"https:\/\/parentheseflorale.fr\/wp-content\/uploads\/2026\/04\/DSC00804.jpg","width":2048,"height":2048,"caption":"Bouquet de fleurs pastel rose poudr\u00e9 et cr\u00e8me \u2013 Parenth\u00e8se Florale Lyon"},{"@type":"BreadcrumbList","@id":"https:\/\/parentheseflorale.fr\/?product=bouquet-fraise-des-bois#breadcrumb","itemListElement":[{"@type":"ListItem","position":1,"name":"Accueil","item":"https:\/\/parentheseflorale.fr\/"},{"@type":"ListItem","position":2,"name":"Produits","item":"https:\/\/parentheseflorale.fr\/?post_type=product"},{"@type":"ListItem","position":3,"name":"Bouquet &#8221; Fraise des Bois \ud83c\udf53&#8221;"}]},{"@type":"WebSite","@id":"https:\/\/parentheseflorale.fr\/#website","url":"https:\/\/parentheseflorale.fr\/","name":"Parenth\u00e8se florale","description":"&quot;offrez vous un moment entre parenth\u00e8ses&quot;","publisher":{"@id":"https:\/\/parentheseflorale.fr\/#organization"},"potentialAction":[{"@type":"SearchAction","target":{"@type":"EntryPoint","urlTemplate":"https:\/\/parentheseflorale.fr\/?s={search_term_string}"},"query-input":{"@type":"PropertyValueSpecification","valueRequired":true,"valueName":"search_term_string"}}],"inLanguage":"fr-FR"},{"@type":"Organization","@id":"https:\/\/parentheseflorale.fr\/#organization","name":"Parenth\u00e8se florale","url":"https:\/\/parentheseflorale.fr\/","logo":{"@type":"ImageObject","inLanguage":"fr-FR","@id":"https:\/\/parentheseflorale.fr\/#\/schema\/logo\/image\/","url":"https:\/\/parentheseflorale.fr\/wp-content\/uploads\/2021\/02\/PF-OK-transparent-01.png","contentUrl":"https:\/\/parentheseflorale.fr\/wp-content\/uploads\/2021\/02\/PF-OK-transparent-01.png","width":1248,"height":1247,"caption":"Parenth\u00e8se florale"},"image":{"@id":"https:\/\/parentheseflorale.fr\/#\/schema\/logo\/image\/"}}]}},"jetpack_sharing_enabled":true,"_links":{"self":[{"href":"https:\/\/parentheseflorale.fr\/index.php?rest_route=\/wp\/v2\/product\/991254","targetHints":{"allow":["GET"]}}],"collection":[{"href":"https:\/\/parentheseflorale.fr\/index.php?rest_route=\/wp\/v2\/product"}],"about":[{"href":"https:\/\/parentheseflorale.fr\/index.php?rest_route=\/wp\/v2\/types\/product"}],"replies":[{"embeddable":true,"href":"https:\/\/parentheseflorale.fr\/index.php?rest_route=%2Fwp%2Fv2%2Fcomments&post=991254"}],"version-history":[{"count":2,"href":"https:\/\/parentheseflorale.fr\/index.php?rest_route=\/wp\/v2\/product\/991254\/revisions"}],"predecessor-version":[{"id":991269,"href":"https:\/\/parentheseflorale.fr\/index.php?rest_route=\/wp\/v2\/product\/991254\/revisions\/991269"}],"wp:featuredmedia":[{"embeddable":true,"href":"https:\/\/parentheseflorale.fr\/index.php?rest_route=\/wp\/v2\/media\/991260"}],"wp:attachment":[{"href":"https:\/\/parentheseflorale.fr\/index.php?rest_route=%2Fwp%2Fv2%2Fmedia&parent=991254"}],"wp:term":[{"taxonomy":"product_brand","embeddable":true,"href":"https:\/\/parentheseflorale.fr\/index.php?rest_route=%2Fwp%2Fv2%2Fproduct_brand&post=991254"},{"taxonomy":"product_cat","embeddable":true,"href":"https:\/\/parentheseflorale.fr\/index.php?rest_route=%2Fwp%2Fv2%2Fproduct_cat&post=991254"},{"taxonomy":"product_tag","embeddable":true,"href":"https:\/\/parentheseflorale.fr\/index.php?rest_route=%2Fwp%2Fv2%2Fproduct_tag&post=991254"}],"curies":[{"name":"wp","href":"https:\/\/api.w.org\/{rel}","templated":true}]}}